{"id":10450,"date":"2025-06-12T15:54:45","date_gmt":"2025-06-12T15:54:45","guid":{"rendered":"https:\/\/atl.org.mx\/?page_id=10450"},"modified":"2025-11-25T22:15:32","modified_gmt":"2025-11-25T22:15:32","slug":"programa-de-accion-estrategico-del-gran-ecosistema-marino-del-golfo-de-mexico","status":"publish","type":"page","link":"https:\/\/atl.org.mx\/index.php\/programa-de-accion-estrategico-del-gran-ecosistema-marino-del-golfo-de-mexico\/","title":{"rendered":"Programa de Acci\u00f3n Estrat\u00e9gico del Gran Ecosistema Marino del Golfo de M\u00e9xico"},"content":{"rendered":"\t\t<div data-elementor-type=\"wp-page\" data-elementor-id=\"10450\" class=\"elementor elementor-10450\">\n\t\t\t\t\t\t<section class=\"penci-section penci-disSticky penci-structure-10 elementor-section elementor-top-section elementor-element elementor-element-c89488c elementor-section-boxed elementor-section-height-default elementor-section-height-default\" data-id=\"c89488c\" data-element_type=\"section\" data-e-type=\"section\">\n\t\t\t\t\t\t<div class=\"elementor-container elementor-column-gap-default\">\n\t\t\t\t\t<div class=\"penci-ercol-100 penci-ercol-order-1 penci-sticky-ct    elementor-column elementor-col-100 elementor-top-column elementor-element elementor-element-a9a92e3\" data-id=\"a9a92e3\" data-element_type=\"column\" data-e-type=\"column\">\n\t\t\t<div class=\"elementor-widget-wrap elementor-element-populated\">\n\t\t\t\t\t\t<div class=\"elementor-element elementor-element-94787fe elementor-widget elementor-widget-image\" data-id=\"94787fe\" data-element_type=\"widget\" data-e-type=\"widget\" data-widget_type=\"image.default\">\n\t\t\t\t<div class=\"elementor-widget-container\">\n\t\t\t\t\t\t\t\t\t\t\t\t\t\t\t<img fetchpriority=\"high\" decoding=\"async\" width=\"1024\" height=\"171\" src=\"https:\/\/atl.org.mx\/wp-content\/uploads\/2025\/07\/implementacion-programa-1024x171.jpg\" class=\"attachment-large size-large wp-image-10687\" alt=\"\" srcset=\"https:\/\/atl.org.mx\/wp-content\/uploads\/2025\/07\/implementacion-programa-1024x171.jpg 1024w, https:\/\/atl.org.mx\/wp-content\/uploads\/2025\/07\/implementacion-programa-300x50.jpg 300w, https:\/\/atl.org.mx\/wp-content\/uploads\/2025\/07\/implementacion-programa-150x25.jpg 150w, https:\/\/atl.org.mx\/wp-content\/uploads\/2025\/07\/implementacion-programa-768x128.jpg 768w, https:\/\/atl.org.mx\/wp-content\/uploads\/2025\/07\/implementacion-programa-1536x256.jpg 1536w, https:\/\/atl.org.mx\/wp-content\/uploads\/2025\/07\/implementacion-programa-1170x195.jpg 1170w, https:\/\/atl.org.mx\/wp-content\/uploads\/2025\/07\/implementacion-programa-585x98.jpg 585w, https:\/\/atl.org.mx\/wp-content\/uploads\/2025\/07\/implementacion-programa.jpg 1600w\" sizes=\"(max-width: 1024px) 100vw, 1024px\" \/>\t\t\t\t\t\t\t\t\t\t\t\t\t\t\t<\/div>\n\t\t\t\t<\/div>\n\t\t\t\t<div class=\"elementor-element elementor-element-6669ad7 elementor-widget elementor-widget-text-editor\" data-id=\"6669ad7\" data-element_type=\"widget\" data-e-type=\"widget\" data-widget_type=\"text-editor.default\">\n\t\t\t\t<div class=\"elementor-widget-container\">\n\t\t\t\t\t\t\t\t\t<blockquote><h3>Taller virtual: An\u00e1lisis integral de monitoreo de calidad del agua, en las principales cuencas que vierten al Golfo de M\u00e9xico<\/h3><\/blockquote>\t\t\t\t\t\t\t\t<\/div>\n\t\t\t\t<\/div>\n\t\t\t\t\t<\/div>\n\t\t<\/div>\n\t\t\t\t\t<\/div>\n\t\t<\/section>\n\t\t\t\t<section class=\"penci-section penci-disSticky penci-structure-20 elementor-section elementor-top-section elementor-element elementor-element-92fc011 elementor-section-boxed elementor-section-height-default elementor-section-height-default\" data-id=\"92fc011\" data-element_type=\"section\" data-e-type=\"section\">\n\t\t\t\t\t\t<div class=\"elementor-container elementor-column-gap-default\">\n\t\t\t\t\t<div class=\"penci-ercol-50 penci-ercol-order-1 penci-sticky-ct    elementor-column elementor-col-50 elementor-top-column elementor-element elementor-element-90873e0\" data-id=\"90873e0\" data-element_type=\"column\" data-e-type=\"column\">\n\t\t\t<div class=\"elementor-widget-wrap elementor-element-populated\">\n\t\t\t\t\t\t<div class=\"elementor-element elementor-element-554b52d elementor-widget elementor-widget-text-editor\" data-id=\"554b52d\" data-element_type=\"widget\" data-e-type=\"widget\" data-widget_type=\"text-editor.default\">\n\t\t\t\t<div class=\"elementor-widget-container\">\n\t\t\t\t\t\t\t\t\t<blockquote><h3>Documentos de interes<\/h3><\/blockquote>\t\t\t\t\t\t\t\t<\/div>\n\t\t\t\t<\/div>\n\t\t\t\t<div class=\"elementor-element elementor-element-c27e2a2 elementor-widget elementor-widget-text-editor\" data-id=\"c27e2a2\" data-element_type=\"widget\" data-e-type=\"widget\" data-widget_type=\"text-editor.default\">\n\t\t\t\t<div class=\"elementor-widget-container\">\n\t\t\t\t\t\t\t\t\t<blockquote><p><a href=\"https:\/\/atl.org.mx\/wp-content\/uploads\/pdf\/Informe-WP-1.1.1.2.pdf\" target=\"_blank\" rel=\"noopener\">Informe WP 1.1.1.2<\/a><br \/><a href=\"https:\/\/atl.org.mx\/wp-content\/uploads\/pdf\/Componente-1-Mejorar-la-Calidad-del-Agua-18-agosto-2018.pdf\" target=\"_blank\" rel=\"noopener\">Componente 1: Mejorar la Calidad del Agua<\/a><br \/><a href=\"https:\/\/atl.org.mx\/wp-content\/uploads\/pdf\/2-Estaciones-de-monitoreo-Calidad-Agua.pdf\" target=\"_blank\" rel=\"noopener\">Estaciones de Monitoreo de la Calidad del Agua y Plantas de Tratamiento Identificadas y Evaluadas en los Sitios Prioritarios<\/a><\/p><\/blockquote>\t\t\t\t\t\t\t\t<\/div>\n\t\t\t\t<\/div>\n\t\t\t\t\t<\/div>\n\t\t<\/div>\n\t\t\t\t<div class=\"penci-ercol-50 penci-ercol-order-2 penci-sticky-ct    elementor-column elementor-col-50 elementor-top-column elementor-element elementor-element-f905a53\" data-id=\"f905a53\" data-element_type=\"column\" data-e-type=\"column\">\n\t\t\t<div class=\"elementor-widget-wrap elementor-element-populated\">\n\t\t\t\t\t\t<div class=\"elementor-element elementor-element-f450c0d elementor-widget elementor-widget-image\" data-id=\"f450c0d\" data-element_type=\"widget\" data-e-type=\"widget\" data-widget_type=\"image.default\">\n\t\t\t\t<div class=\"elementor-widget-container\">\n\t\t\t\t\t\t\t\t\t\t\t\t\t\t\t<img decoding=\"async\" width=\"1024\" height=\"538\" src=\"https:\/\/atl.org.mx\/wp-content\/uploads\/2025\/06\/cuencas_que_vierten_al_Golfo_de_Mexico-1024x538.jpeg\" class=\"attachment-large size-large wp-image-10444\" alt=\"An\u00e1lisis integral de monitoreo de calidad del agua, en las principales cuencas que vierten al Golfo de M\u00e9xico\" srcset=\"https:\/\/atl.org.mx\/wp-content\/uploads\/2025\/06\/cuencas_que_vierten_al_Golfo_de_Mexico-1024x538.jpeg 1024w, https:\/\/atl.org.mx\/wp-content\/uploads\/2025\/06\/cuencas_que_vierten_al_Golfo_de_Mexico-300x157.jpeg 300w, https:\/\/atl.org.mx\/wp-content\/uploads\/2025\/06\/cuencas_que_vierten_al_Golfo_de_Mexico-150x79.jpeg 150w, https:\/\/atl.org.mx\/wp-content\/uploads\/2025\/06\/cuencas_que_vierten_al_Golfo_de_Mexico-768x403.jpeg 768w, https:\/\/atl.org.mx\/wp-content\/uploads\/2025\/06\/cuencas_que_vierten_al_Golfo_de_Mexico-1200x631.jpeg 1200w, https:\/\/atl.org.mx\/wp-content\/uploads\/2025\/06\/cuencas_que_vierten_al_Golfo_de_Mexico-1170x614.jpeg 1170w, https:\/\/atl.org.mx\/wp-content\/uploads\/2025\/06\/cuencas_que_vierten_al_Golfo_de_Mexico-585x307.jpeg 585w, https:\/\/atl.org.mx\/wp-content\/uploads\/2025\/06\/cuencas_que_vierten_al_Golfo_de_Mexico.jpeg 1202w\" sizes=\"(max-width: 1024px) 100vw, 1024px\" \/>\t\t\t\t\t\t\t\t\t\t\t\t\t\t\t<\/div>\n\t\t\t\t<\/div>\n\t\t\t\t\t<\/div>\n\t\t<\/div>\n\t\t\t\t\t<\/div>\n\t\t<\/section>\n\t\t\t\t<section class=\"penci-section penci-disSticky penci-structure-10 elementor-section elementor-top-section elementor-element elementor-element-bb03f58 elementor-section-boxed elementor-section-height-default elementor-section-height-default\" data-id=\"bb03f58\" data-element_type=\"section\" data-e-type=\"section\">\n\t\t\t\t\t\t<div class=\"elementor-container elementor-column-gap-default\">\n\t\t\t\t\t<div class=\"penci-ercol-100 penci-ercol-order-1 penci-sticky-ct    elementor-column elementor-col-100 elementor-top-column elementor-element elementor-element-6a1b83b\" data-id=\"6a1b83b\" data-element_type=\"column\" data-e-type=\"column\">\n\t\t\t<div class=\"elementor-widget-wrap\">\n\t\t\t\t\t\t\t<\/div>\n\t\t<\/div>\n\t\t\t\t\t<\/div>\n\t\t<\/section>\n\t\t\t\t<section class=\"penci-section penci-disSticky penci-structure-10 elementor-section elementor-top-section elementor-element elementor-element-b83559c elementor-section-boxed elementor-section-height-default elementor-section-height-default\" data-id=\"b83559c\" data-element_type=\"section\" data-e-type=\"section\">\n\t\t\t\t\t\t<div class=\"elementor-container elementor-column-gap-default\">\n\t\t\t\t\t<div class=\"penci-ercol-100 penci-ercol-order-1 penci-sticky-ct    elementor-column elementor-col-100 elementor-top-column elementor-element elementor-element-71ab872\" data-id=\"71ab872\" data-element_type=\"column\" data-e-type=\"column\">\n\t\t\t<div class=\"elementor-widget-wrap elementor-element-populated\">\n\t\t\t\t\t\t<div class=\"elementor-element elementor-element-69b46b4 elementor-widget elementor-widget-text-editor\" data-id=\"69b46b4\" data-element_type=\"widget\" data-e-type=\"widget\" data-widget_type=\"text-editor.default\">\n\t\t\t\t<div class=\"elementor-widget-container\">\n\t\t\t\t\t\t\t\t\t<blockquote><h3>Presentaciones del taller<\/h3><\/blockquote>\t\t\t\t\t\t\t\t<\/div>\n\t\t\t\t<\/div>\n\t\t\t\t\t<\/div>\n\t\t<\/div>\n\t\t\t\t\t<\/div>\n\t\t<\/section>\n\t\t\t\t<section class=\"penci-section penci-disSticky penci-structure-10 elementor-section elementor-top-section elementor-element elementor-element-3522e4a elementor-section-boxed elementor-section-height-default elementor-section-height-default\" data-id=\"3522e4a\" data-element_type=\"section\" data-e-type=\"section\">\n\t\t\t\t\t\t<div class=\"elementor-container elementor-column-gap-default\">\n\t\t\t\t\t<div class=\"penci-ercol-100 penci-ercol-order-1 penci-sticky-ct    elementor-column elementor-col-100 elementor-top-column elementor-element elementor-element-cf1c437\" data-id=\"cf1c437\" data-element_type=\"column\" data-e-type=\"column\">\n\t\t\t<div class=\"elementor-widget-wrap elementor-element-populated\">\n\t\t\t\t\t\t<div class=\"elementor-element elementor-element-27fc33b elementor-widget elementor-widget-text-editor\" data-id=\"27fc33b\" data-element_type=\"widget\" data-e-type=\"widget\" data-widget_type=\"text-editor.default\">\n\t\t\t\t<div class=\"elementor-widget-container\">\n\t\t\t\t\t\t\t\t\t<blockquote><p>Martes 24 de junio<\/p><p><a style=\"font-size: 14px;\" href=\"https:\/\/atl.org.mx\/wp-content\/uploads\/pdf\/Golfo\/An\u00e1lisis-espacial-integral-del-Golfo-de-M\u00e9xico.pdf\" target=\"_blank\" rel=\"noopener\">An\u00e1lisis espacial integral del Golfo de M\u00e9xico<\/a><\/p><p><a style=\"font-size: 14px;\" href=\"https:\/\/atl.org.mx\/wp-content\/uploads\/pdf\/Golfo\/S\u00edntesis-primer-dia.pdf\" target=\"_blank\" rel=\"noopener\">S\u00edntesis primer d\u00eda<\/a><\/p><\/blockquote>\t\t\t\t\t\t\t\t<\/div>\n\t\t\t\t<\/div>\n\t\t\t\t\t<\/div>\n\t\t<\/div>\n\t\t\t\t\t<\/div>\n\t\t<\/section>\n\t\t\t\t<section class=\"penci-section penci-disSticky penci-structure-10 elementor-section elementor-top-section elementor-element elementor-element-007d813 elementor-section-boxed elementor-section-height-default elementor-section-height-default\" data-id=\"007d813\" data-element_type=\"section\" data-e-type=\"section\">\n\t\t\t\t\t\t<div class=\"elementor-container elementor-column-gap-default\">\n\t\t\t\t\t<div class=\"penci-ercol-100 penci-ercol-order-1 penci-sticky-ct    elementor-column elementor-col-100 elementor-top-column elementor-element elementor-element-46e5459\" data-id=\"46e5459\" data-element_type=\"column\" data-e-type=\"column\">\n\t\t\t<div class=\"elementor-widget-wrap elementor-element-populated\">\n\t\t\t\t\t\t<div class=\"elementor-element elementor-element-a26b63c elementor-widget elementor-widget-text-editor\" data-id=\"a26b63c\" data-element_type=\"widget\" data-e-type=\"widget\" data-widget_type=\"text-editor.default\">\n\t\t\t\t<div class=\"elementor-widget-container\">\n\t\t\t\t\t\t\t\t\t<blockquote><p>Mi\u00e9rcoles 25 de junio<\/p><p><a style=\"font-family: inherit; font-weight: inherit; text-align: inherit; font-size: 14px;\" href=\"https:\/\/atl.org.mx\/wp-content\/uploads\/pdf\/Golfo\/Presentacion-RENAMECA_CONAGUA.pdf\" target=\"_blank\" rel=\"noopener\">Red Nacional de Medici\u00f3n de Calidad del Agua RENAMECA<\/a><\/p><p><a style=\"font-size: 14px;\" href=\"https:\/\/atl.org.mx\/wp-content\/uploads\/pdf\/Golfo\/Plantas-detratamiento-de-aguas-residuales-20250625_PTARs_GMM.pdf\" target=\"_blank\" rel=\"noopener\">Plantas de tratamiento de aguas residuales<\/a><\/p><p><a style=\"font-size: 14px;\" href=\"https:\/\/atl.org.mx\/wp-content\/uploads\/pdf\/Golfo\/Par\u00e1metros-de-calidad-del-agua-evaluados-en-el-proyecto-del-Golfo-de-M\u00e9xico.pdf\" target=\"_blank\" rel=\"noopener\">Par\u00e1metros de calidad del agua, evaluados en el proyecto del Golfo de M\u00e9xico<\/a><\/p><p><a style=\"font-size: 14px;\" href=\"https:\/\/atl.org.mx\/wp-content\/uploads\/pdf\/Golfo\/Golfo-de-Mexico-Resumen-general.pdf\" target=\"_blank\" rel=\"noopener\">Resumen general<\/a><\/p><\/blockquote>\t\t\t\t\t\t\t\t<\/div>\n\t\t\t\t<\/div>\n\t\t\t\t\t<\/div>\n\t\t<\/div>\n\t\t\t\t\t<\/div>\n\t\t<\/section>\n\t\t\t\t<section class=\"penci-section penci-disSticky penci-structure-10 elementor-section elementor-top-section elementor-element elementor-element-348c956 elementor-section-boxed elementor-section-height-default elementor-section-height-default\" data-id=\"348c956\" data-element_type=\"section\" data-e-type=\"section\">\n\t\t\t\t\t\t<div class=\"elementor-container elementor-column-gap-default\">\n\t\t\t\t\t<div class=\"penci-ercol-100 penci-ercol-order-1 penci-sticky-ct    elementor-column elementor-col-100 elementor-top-column elementor-element elementor-element-f4ad005\" data-id=\"f4ad005\" data-element_type=\"column\" data-e-type=\"column\">\n\t\t\t<div class=\"elementor-widget-wrap elementor-element-populated\">\n\t\t\t\t\t\t<div class=\"elementor-element elementor-element-d049082 elementor-widget elementor-widget-text-editor\" data-id=\"d049082\" data-element_type=\"widget\" data-e-type=\"widget\" data-widget_type=\"text-editor.default\">\n\t\t\t\t<div class=\"elementor-widget-container\">\n\t\t\t\t\t\t\t\t\t<blockquote><p><strong>Archivos de la conferencia Dr. Gerardo Gold Bouchot<\/strong><\/p><p><a href=\"https:\/\/atl.org.mx\/wp-content\/uploads\/pdf\/Golfo\/Analysis-of-Censored-Data-(Examples).pptx\" target=\"_blank\" rel=\"noopener\">An\u00e1lisis de Bases de Datos de Calidad del Agua con Valores No Detectados<\/a><\/p><p><a href=\"https:\/\/atl.org.mx\/wp-content\/uploads\/pdf\/Golfo\/Censored-Lead-Data.xls\" target=\"_blank\" rel=\"noopener\">Censored Lead Data<\/a><br \/><a href=\"https:\/\/atl.org.mx\/wp-content\/uploads\/pdf\/Golfo\/Data-Analysis-Using-NADA2.pdf\" target=\"_blank\" rel=\"noopener\">Data Analysis Using NADA2<\/a><br \/><a href=\"https:\/\/atl.org.mx\/wp-content\/uploads\/pdf\/Golfo\/NADA2-Everything-You-Can-Do.pdf\" target=\"_blank\" rel=\"noopener\">NADA2 Everything You Can Do<\/a><\/p><\/blockquote>\t\t\t\t\t\t\t\t<\/div>\n\t\t\t\t<\/div>\n\t\t\t\t\t<\/div>\n\t\t<\/div>\n\t\t\t\t\t<\/div>\n\t\t<\/section>\n\t\t\t\t<section class=\"penci-section penci-disSticky penci-structure-10 elementor-section elementor-top-section elementor-element elementor-element-72e434c elementor-section-boxed elementor-section-height-default elementor-section-height-default\" data-id=\"72e434c\" data-element_type=\"section\" data-e-type=\"section\">\n\t\t\t\t\t\t<div class=\"elementor-container elementor-column-gap-default\">\n\t\t\t\t\t<div class=\"penci-ercol-100 penci-ercol-order-1 penci-sticky-ct    elementor-column elementor-col-100 elementor-top-column elementor-element elementor-element-3c93067\" data-id=\"3c93067\" data-element_type=\"column\" data-e-type=\"column\">\n\t\t\t<div class=\"elementor-widget-wrap elementor-element-populated\">\n\t\t\t\t\t\t\t<\/div>\n\t\t<\/div>\n\t\t\t\t\t<\/div>\n\t\t<\/section>\n\t\t\t\t<section class=\"penci-section penci-disSticky penci-structure-30 elementor-section elementor-top-section elementor-element elementor-element-2db0a3a elementor-section-boxed elementor-section-height-default elementor-section-height-default\" data-id=\"2db0a3a\" data-element_type=\"section\" data-e-type=\"section\">\n\t\t\t\t\t\t<div class=\"elementor-container elementor-column-gap-default\">\n\t\t\t\t\t<div class=\"penci-ercol-33 penci-ercol-order-1 penci-sticky-sb penci-sidebarSC   elementor-column elementor-col-33 elementor-top-column elementor-element elementor-element-e6c66cf\" data-id=\"e6c66cf\" data-element_type=\"column\" data-e-type=\"column\">\n\t\t\t<div class=\"elementor-widget-wrap elementor-element-populated\">\n\t\t\t\t\t\t<div class=\"elementor-element elementor-element-908fffc elementor-widget elementor-widget-html\" data-id=\"908fffc\" data-element_type=\"widget\" data-e-type=\"widget\" data-widget_type=\"html.default\">\n\t\t\t\t<div class=\"elementor-widget-container\">\n\t\t\t\t\t<iframe width=\"560\" height=\"315\" src=\"https:\/\/www.youtube.com\/embed\/YwqihcvF9p8?si=gnatSyovw9kGGFlg\" title=\"YouTube video player\" frameborder=\"0\" allow=\"accelerometer; autoplay; clipboard-write; encrypted-media; gyroscope; picture-in-picture; web-share\" referrerpolicy=\"strict-origin-when-cross-origin\" allowfullscreen><\/iframe>\t\t\t\t<\/div>\n\t\t\t\t<\/div>\n\t\t\t\t<div class=\"elementor-element elementor-element-87a8887 elementor-widget elementor-widget-text-editor\" data-id=\"87a8887\" data-element_type=\"widget\" data-e-type=\"widget\" data-widget_type=\"text-editor.default\">\n\t\t\t\t<div class=\"elementor-widget-container\">\n\t\t\t\t\t\t\t\t\t<h5 class=\"style-scope ytd-watch-metadata\">An\u00e1lisis de Bases de Datos de Calidad del Agua con Valores No Detectados<\/h5>\t\t\t\t\t\t\t\t<\/div>\n\t\t\t\t<\/div>\n\t\t\t\t\t<\/div>\n\t\t<\/div>\n\t\t\t\t<div class=\"penci-ercol-33 penci-ercol-order-2 penci-sticky-sb penci-sidebarSC   elementor-column elementor-col-33 elementor-top-column elementor-element elementor-element-4c88941\" data-id=\"4c88941\" data-element_type=\"column\" data-e-type=\"column\">\n\t\t\t<div class=\"elementor-widget-wrap elementor-element-populated\">\n\t\t\t\t\t\t<div class=\"elementor-element elementor-element-1acbeaf elementor-widget elementor-widget-html\" data-id=\"1acbeaf\" data-element_type=\"widget\" data-e-type=\"widget\" data-widget_type=\"html.default\">\n\t\t\t\t<div class=\"elementor-widget-container\">\n\t\t\t\t\t<iframe width=\"560\" height=\"315\" src=\"https:\/\/www.youtube.com\/embed\/snGCI40FcQw?si=ewy_BWavdDBYcNy0\" title=\"YouTube video player\" frameborder=\"0\" allow=\"accelerometer; autoplay; clipboard-write; encrypted-media; gyroscope; picture-in-picture; web-share\" referrerpolicy=\"strict-origin-when-cross-origin\" allowfullscreen><\/iframe>\t\t\t\t<\/div>\n\t\t\t\t<\/div>\n\t\t\t\t<div class=\"elementor-element elementor-element-b997aa1 elementor-widget elementor-widget-text-editor\" data-id=\"b997aa1\" data-element_type=\"widget\" data-e-type=\"widget\" data-widget_type=\"text-editor.default\">\n\t\t\t\t<div class=\"elementor-widget-container\">\n\t\t\t\t\t\t\t\t\t<h5 class=\"style-scope ytd-watch-metadata\">Las corrientes marinas asociadas a la contaminaci\u00f3n del agua<\/h5>\t\t\t\t\t\t\t\t<\/div>\n\t\t\t\t<\/div>\n\t\t\t\t\t<\/div>\n\t\t<\/div>\n\t\t\t\t<div class=\"penci-ercol-33 penci-ercol-order-3 penci-sticky-sb penci-sidebarSC   elementor-column elementor-col-33 elementor-top-column elementor-element elementor-element-3a68690\" data-id=\"3a68690\" data-element_type=\"column\" data-e-type=\"column\">\n\t\t\t<div class=\"elementor-widget-wrap elementor-element-populated\">\n\t\t\t\t\t\t<div class=\"elementor-element elementor-element-2d7dca8 elementor-widget elementor-widget-html\" data-id=\"2d7dca8\" data-element_type=\"widget\" data-e-type=\"widget\" data-widget_type=\"html.default\">\n\t\t\t\t<div class=\"elementor-widget-container\">\n\t\t\t\t\t<iframe width=\"560\" height=\"315\" src=\"https:\/\/www.youtube.com\/embed\/5Rsj2FlVxWg?si=TBi99xG3ExiP4v_B\" title=\"YouTube video player\" frameborder=\"0\" allow=\"accelerometer; autoplay; clipboard-write; encrypted-media; gyroscope; picture-in-picture; web-share\" referrerpolicy=\"strict-origin-when-cross-origin\" allowfullscreen><\/iframe>\t\t\t\t<\/div>\n\t\t\t\t<\/div>\n\t\t\t\t<div class=\"elementor-element elementor-element-bf861bf elementor-widget elementor-widget-text-editor\" data-id=\"bf861bf\" data-element_type=\"widget\" data-e-type=\"widget\" data-widget_type=\"text-editor.default\">\n\t\t\t\t<div class=\"elementor-widget-container\">\n\t\t\t\t\t\t\t\t\t<h5 class=\"style-scope ytd-watch-metadata\">Bioindicaci\u00f3n: Herramientas para evaluar la calidad de ambientes acu\u00e1ticos<\/h5>\t\t\t\t\t\t\t\t<\/div>\n\t\t\t\t<\/div>\n\t\t\t\t\t<\/div>\n\t\t<\/div>\n\t\t\t\t\t<\/div>\n\t\t<\/section>\n\t\t\t\t<section class=\"penci-section penci-disSticky penci-structure-30 elementor-section elementor-top-section elementor-element elementor-element-cc2f508 elementor-section-boxed elementor-section-height-default elementor-section-height-default\" data-id=\"cc2f508\" data-element_type=\"section\" data-e-type=\"section\">\n\t\t\t\t\t\t<div class=\"elementor-container elementor-column-gap-default\">\n\t\t\t\t\t<div class=\"penci-ercol-33 penci-ercol-order-1 penci-sticky-sb penci-sidebarSC   elementor-column elementor-col-33 elementor-top-column elementor-element elementor-element-c977286\" data-id=\"c977286\" data-element_type=\"column\" data-e-type=\"column\">\n\t\t\t<div class=\"elementor-widget-wrap elementor-element-populated\">\n\t\t\t\t\t\t<div class=\"elementor-element elementor-element-d4d98da elementor-widget elementor-widget-html\" data-id=\"d4d98da\" data-element_type=\"widget\" data-e-type=\"widget\" data-widget_type=\"html.default\">\n\t\t\t\t<div class=\"elementor-widget-container\">\n\t\t\t\t\t<iframe width=\"560\" height=\"315\" src=\"https:\/\/www.youtube.com\/embed\/X7PiAWQrFQM?si=PSLhDbm2DQFTMz95\" title=\"YouTube video player\" frameborder=\"0\" allow=\"accelerometer; autoplay; clipboard-write; encrypted-media; gyroscope; picture-in-picture; web-share\" referrerpolicy=\"strict-origin-when-cross-origin\" allowfullscreen><\/iframe>\t\t\t\t<\/div>\n\t\t\t\t<\/div>\n\t\t\t\t<div class=\"elementor-element elementor-element-3bd2604 elementor-widget elementor-widget-text-editor\" data-id=\"3bd2604\" data-element_type=\"widget\" data-e-type=\"widget\" data-widget_type=\"text-editor.default\">\n\t\t\t\t<div class=\"elementor-widget-container\">\n\t\t\t\t\t\t\t\t\t<h5 class=\"style-scope ytd-watch-metadata\">Calidad del Agua y Saneamiento en la frontera entre M\u00e9xico y Estados Unidos\n<\/h5>\t\t\t\t\t\t\t\t<\/div>\n\t\t\t\t<\/div>\n\t\t\t\t\t<\/div>\n\t\t<\/div>\n\t\t\t\t<div class=\"penci-ercol-33 penci-ercol-order-2 penci-sticky-sb penci-sidebarSC   elementor-column elementor-col-33 elementor-top-column elementor-element elementor-element-1bb5f3e\" data-id=\"1bb5f3e\" data-element_type=\"column\" data-e-type=\"column\">\n\t\t\t<div class=\"elementor-widget-wrap elementor-element-populated\">\n\t\t\t\t\t\t<div class=\"elementor-element elementor-element-b7137b2 elementor-widget elementor-widget-html\" data-id=\"b7137b2\" data-element_type=\"widget\" data-e-type=\"widget\" data-widget_type=\"html.default\">\n\t\t\t\t<div class=\"elementor-widget-container\">\n\t\t\t\t\t<iframe width=\"560\" height=\"315\" src=\"https:\/\/www.youtube.com\/embed\/DzpMml27D8k?si=KmBukkpe9MYlophg\" title=\"YouTube video player\" frameborder=\"0\" allow=\"accelerometer; autoplay; clipboard-write; encrypted-media; gyroscope; picture-in-picture; web-share\" referrerpolicy=\"strict-origin-when-cross-origin\" allowfullscreen><\/iframe>\t\t\t\t<\/div>\n\t\t\t\t<\/div>\n\t\t\t\t<div class=\"elementor-element elementor-element-fcfc8ea elementor-widget elementor-widget-text-editor\" data-id=\"fcfc8ea\" data-element_type=\"widget\" data-e-type=\"widget\" data-widget_type=\"text-editor.default\">\n\t\t\t\t<div class=\"elementor-widget-container\">\n\t\t\t\t\t\t\t\t\t<h5 class=\"style-scope ytd-watch-metadata\">Caudales ambientales: una introducci\u00f3n a las metodolog\u00edas hidrol\u00f3gicas y su incidencia en la gesti\u00f3n<\/h5>\t\t\t\t\t\t\t\t<\/div>\n\t\t\t\t<\/div>\n\t\t\t\t\t<\/div>\n\t\t<\/div>\n\t\t\t\t<div class=\"penci-ercol-33 penci-ercol-order-3 penci-sticky-sb penci-sidebarSC   elementor-column elementor-col-33 elementor-top-column elementor-element elementor-element-000eb89\" data-id=\"000eb89\" data-element_type=\"column\" data-e-type=\"column\">\n\t\t\t<div class=\"elementor-widget-wrap\">\n\t\t\t\t\t\t\t<\/div>\n\t\t<\/div>\n\t\t\t\t\t<\/div>\n\t\t<\/section>\n\t\t\t\t<\/div>\n\t\t","protected":false},"excerpt":{"rendered":"<p>Taller virtual: An\u00e1lisis integral de monitoreo de calidad del agua, en las principales cuencas que vierten al Golfo de M\u00e9xico Documentos de&hellip;<\/p>\n","protected":false},"author":2,"featured_media":0,"parent":0,"menu_order":0,"comment_status":"closed","ping_status":"closed","template":"","meta":{"content-type":"","_lmt_disableupdate":"","_lmt_disable":"","footnotes":""},"class_list":["post-10450","page","type-page","status-publish","hentry"],"yoast_head":"<!-- This site is optimized with the Yoast SEO plugin v27.4 - https:\/\/yoast.com\/product\/yoast-seo-wordpress\/ -->\n<title>Programa de Acci\u00f3n Estrat\u00e9gico del Gran Ecosistema Marino del Golfo de M\u00e9xico - ATL el portal del agua de la C\u00e1tedra Unesco IMTA<\/title>\n<meta name=\"robots\" content=\"index, follow, max-snippet:-1, max-image-preview:large, max-video-preview:-1\" \/>\n<link rel=\"canonical\" href=\"https:\/\/atl.org.mx\/index.php\/programa-de-accion-estrategico-del-gran-ecosistema-marino-del-golfo-de-mexico\/\" \/>\n<meta property=\"og:locale\" content=\"es_MX\" \/>\n<meta property=\"og:type\" content=\"article\" \/>\n<meta property=\"og:title\" content=\"Programa de Acci\u00f3n Estrat\u00e9gico del Gran Ecosistema Marino del Golfo de M\u00e9xico - ATL el portal del agua de la C\u00e1tedra Unesco IMTA\" \/>\n<meta property=\"og:description\" content=\"Taller virtual: An\u00e1lisis integral de monitoreo de calidad del agua, en las principales cuencas que vierten al Golfo de M\u00e9xico Documentos de&hellip;\" \/>\n<meta property=\"og:url\" content=\"https:\/\/atl.org.mx\/index.php\/programa-de-accion-estrategico-del-gran-ecosistema-marino-del-golfo-de-mexico\/\" \/>\n<meta property=\"og:site_name\" content=\"ATL el portal del agua de la C\u00e1tedra Unesco IMTA\" \/>\n<meta property=\"article:modified_time\" content=\"2025-11-25T22:15:32+00:00\" \/>\n<meta property=\"og:image\" content=\"https:\/\/atl.org.mx\/wp-content\/uploads\/2025\/07\/implementacion-programa-1024x171.jpg\" \/>\n<meta name=\"twitter:card\" content=\"summary_large_image\" \/>\n<meta name=\"twitter:label1\" content=\"Tiempo de lectura\" \/>\n\t<meta name=\"twitter:data1\" content=\"1 minuto\" \/>\n<script type=\"application\/ld+json\" class=\"yoast-schema-graph\">{\"@context\":\"https:\\\/\\\/schema.org\",\"@graph\":[{\"@type\":\"WebPage\",\"@id\":\"https:\\\/\\\/atl.org.mx\\\/index.php\\\/programa-de-accion-estrategico-del-gran-ecosistema-marino-del-golfo-de-mexico\\\/\",\"url\":\"https:\\\/\\\/atl.org.mx\\\/index.php\\\/programa-de-accion-estrategico-del-gran-ecosistema-marino-del-golfo-de-mexico\\\/\",\"name\":\"Programa de Acci\u00f3n Estrat\u00e9gico del Gran Ecosistema Marino del Golfo de M\u00e9xico - ATL el portal del agua de la C\u00e1tedra Unesco IMTA\",\"isPartOf\":{\"@id\":\"https:\\\/\\\/atl.org.mx\\\/#website\"},\"primaryImageOfPage\":{\"@id\":\"https:\\\/\\\/atl.org.mx\\\/index.php\\\/programa-de-accion-estrategico-del-gran-ecosistema-marino-del-golfo-de-mexico\\\/#primaryimage\"},\"image\":{\"@id\":\"https:\\\/\\\/atl.org.mx\\\/index.php\\\/programa-de-accion-estrategico-del-gran-ecosistema-marino-del-golfo-de-mexico\\\/#primaryimage\"},\"thumbnailUrl\":\"https:\\\/\\\/atl.org.mx\\\/wp-content\\\/uploads\\\/2025\\\/07\\\/implementacion-programa-1024x171.jpg\",\"datePublished\":\"2025-06-12T15:54:45+00:00\",\"dateModified\":\"2025-11-25T22:15:32+00:00\",\"breadcrumb\":{\"@id\":\"https:\\\/\\\/atl.org.mx\\\/index.php\\\/programa-de-accion-estrategico-del-gran-ecosistema-marino-del-golfo-de-mexico\\\/#breadcrumb\"},\"inLanguage\":\"es\",\"potentialAction\":[{\"@type\":\"ReadAction\",\"target\":[\"https:\\\/\\\/atl.org.mx\\\/index.php\\\/programa-de-accion-estrategico-del-gran-ecosistema-marino-del-golfo-de-mexico\\\/\"]}]},{\"@type\":\"ImageObject\",\"inLanguage\":\"es\",\"@id\":\"https:\\\/\\\/atl.org.mx\\\/index.php\\\/programa-de-accion-estrategico-del-gran-ecosistema-marino-del-golfo-de-mexico\\\/#primaryimage\",\"url\":\"https:\\\/\\\/atl.org.mx\\\/wp-content\\\/uploads\\\/2025\\\/07\\\/implementacion-programa.jpg\",\"contentUrl\":\"https:\\\/\\\/atl.org.mx\\\/wp-content\\\/uploads\\\/2025\\\/07\\\/implementacion-programa.jpg\",\"width\":1600,\"height\":267},{\"@type\":\"BreadcrumbList\",\"@id\":\"https:\\\/\\\/atl.org.mx\\\/index.php\\\/programa-de-accion-estrategico-del-gran-ecosistema-marino-del-golfo-de-mexico\\\/#breadcrumb\",\"itemListElement\":[{\"@type\":\"ListItem\",\"position\":1,\"name\":\"Inicio\",\"item\":\"https:\\\/\\\/atl.org.mx\\\/\"},{\"@type\":\"ListItem\",\"position\":2,\"name\":\"Programa de Acci\u00f3n Estrat\u00e9gico del Gran Ecosistema Marino del Golfo de M\u00e9xico\"}]},{\"@type\":\"WebSite\",\"@id\":\"https:\\\/\\\/atl.org.mx\\\/#website\",\"url\":\"https:\\\/\\\/atl.org.mx\\\/\",\"name\":\"ATL el portal del agua de la C\u00e1tedra Unesco IMTA\",\"description\":\"C\u00e1tedra UNESCO-IMTA\",\"publisher\":{\"@id\":\"https:\\\/\\\/atl.org.mx\\\/#organization\"},\"potentialAction\":[{\"@type\":\"SearchAction\",\"target\":{\"@type\":\"EntryPoint\",\"urlTemplate\":\"https:\\\/\\\/atl.org.mx\\\/?s={search_term_string}\"},\"query-input\":{\"@type\":\"PropertyValueSpecification\",\"valueRequired\":true,\"valueName\":\"search_term_string\"}}],\"inLanguage\":\"es\"},{\"@type\":\"Organization\",\"@id\":\"https:\\\/\\\/atl.org.mx\\\/#organization\",\"name\":\"ATL el portal del agua de la C\u00e1tedra Unesco IMTA\",\"url\":\"https:\\\/\\\/atl.org.mx\\\/\",\"logo\":{\"@type\":\"ImageObject\",\"inLanguage\":\"es\",\"@id\":\"https:\\\/\\\/atl.org.mx\\\/#\\\/schema\\\/logo\\\/image\\\/\",\"url\":\"https:\\\/\\\/atl.org.mx\\\/wp-content\\\/uploads\\\/2023\\\/09\\\/logo_atl_catedra3.png\",\"contentUrl\":\"https:\\\/\\\/atl.org.mx\\\/wp-content\\\/uploads\\\/2023\\\/09\\\/logo_atl_catedra3.png\",\"width\":250,\"height\":151,\"caption\":\"ATL el portal del agua de la C\u00e1tedra Unesco IMTA\"},\"image\":{\"@id\":\"https:\\\/\\\/atl.org.mx\\\/#\\\/schema\\\/logo\\\/image\\\/\"}}]}<\/script>\n<!-- \/ Yoast SEO plugin. -->","yoast_head_json":{"title":"Programa de Acci\u00f3n Estrat\u00e9gico del Gran Ecosistema Marino del Golfo de M\u00e9xico - ATL el portal del agua de la C\u00e1tedra Unesco IMTA","robots":{"index":"index","follow":"follow","max-snippet":"max-snippet:-1","max-image-preview":"max-image-preview:large","max-video-preview":"max-video-preview:-1"},"canonical":"https:\/\/atl.org.mx\/index.php\/programa-de-accion-estrategico-del-gran-ecosistema-marino-del-golfo-de-mexico\/","og_locale":"es_MX","og_type":"article","og_title":"Programa de Acci\u00f3n Estrat\u00e9gico del Gran Ecosistema Marino del Golfo de M\u00e9xico - ATL el portal del agua de la C\u00e1tedra Unesco IMTA","og_description":"Taller virtual: An\u00e1lisis integral de monitoreo de calidad del agua, en las principales cuencas que vierten al Golfo de M\u00e9xico Documentos de&hellip;","og_url":"https:\/\/atl.org.mx\/index.php\/programa-de-accion-estrategico-del-gran-ecosistema-marino-del-golfo-de-mexico\/","og_site_name":"ATL el portal del agua de la C\u00e1tedra Unesco IMTA","article_modified_time":"2025-11-25T22:15:32+00:00","og_image":[{"url":"https:\/\/atl.org.mx\/wp-content\/uploads\/2025\/07\/implementacion-programa-1024x171.jpg","type":"","width":"","height":""}],"twitter_card":"summary_large_image","twitter_misc":{"Tiempo de lectura":"1 minuto"},"schema":{"@context":"https:\/\/schema.org","@graph":[{"@type":"WebPage","@id":"https:\/\/atl.org.mx\/index.php\/programa-de-accion-estrategico-del-gran-ecosistema-marino-del-golfo-de-mexico\/","url":"https:\/\/atl.org.mx\/index.php\/programa-de-accion-estrategico-del-gran-ecosistema-marino-del-golfo-de-mexico\/","name":"Programa de Acci\u00f3n Estrat\u00e9gico del Gran Ecosistema Marino del Golfo de M\u00e9xico - ATL el portal del agua de la C\u00e1tedra Unesco IMTA","isPartOf":{"@id":"https:\/\/atl.org.mx\/#website"},"primaryImageOfPage":{"@id":"https:\/\/atl.org.mx\/index.php\/programa-de-accion-estrategico-del-gran-ecosistema-marino-del-golfo-de-mexico\/#primaryimage"},"image":{"@id":"https:\/\/atl.org.mx\/index.php\/programa-de-accion-estrategico-del-gran-ecosistema-marino-del-golfo-de-mexico\/#primaryimage"},"thumbnailUrl":"https:\/\/atl.org.mx\/wp-content\/uploads\/2025\/07\/implementacion-programa-1024x171.jpg","datePublished":"2025-06-12T15:54:45+00:00","dateModified":"2025-11-25T22:15:32+00:00","breadcrumb":{"@id":"https:\/\/atl.org.mx\/index.php\/programa-de-accion-estrategico-del-gran-ecosistema-marino-del-golfo-de-mexico\/#breadcrumb"},"inLanguage":"es","potentialAction":[{"@type":"ReadAction","target":["https:\/\/atl.org.mx\/index.php\/programa-de-accion-estrategico-del-gran-ecosistema-marino-del-golfo-de-mexico\/"]}]},{"@type":"ImageObject","inLanguage":"es","@id":"https:\/\/atl.org.mx\/index.php\/programa-de-accion-estrategico-del-gran-ecosistema-marino-del-golfo-de-mexico\/#primaryimage","url":"https:\/\/atl.org.mx\/wp-content\/uploads\/2025\/07\/implementacion-programa.jpg","contentUrl":"https:\/\/atl.org.mx\/wp-content\/uploads\/2025\/07\/implementacion-programa.jpg","width":1600,"height":267},{"@type":"BreadcrumbList","@id":"https:\/\/atl.org.mx\/index.php\/programa-de-accion-estrategico-del-gran-ecosistema-marino-del-golfo-de-mexico\/#breadcrumb","itemListElement":[{"@type":"ListItem","position":1,"name":"Inicio","item":"https:\/\/atl.org.mx\/"},{"@type":"ListItem","position":2,"name":"Programa de Acci\u00f3n Estrat\u00e9gico del Gran Ecosistema Marino del Golfo de M\u00e9xico"}]},{"@type":"WebSite","@id":"https:\/\/atl.org.mx\/#website","url":"https:\/\/atl.org.mx\/","name":"ATL el portal del agua de la C\u00e1tedra Unesco IMTA","description":"C\u00e1tedra UNESCO-IMTA","publisher":{"@id":"https:\/\/atl.org.mx\/#organization"},"potentialAction":[{"@type":"SearchAction","target":{"@type":"EntryPoint","urlTemplate":"https:\/\/atl.org.mx\/?s={search_term_string}"},"query-input":{"@type":"PropertyValueSpecification","valueRequired":true,"valueName":"search_term_string"}}],"inLanguage":"es"},{"@type":"Organization","@id":"https:\/\/atl.org.mx\/#organization","name":"ATL el portal del agua de la C\u00e1tedra Unesco IMTA","url":"https:\/\/atl.org.mx\/","logo":{"@type":"ImageObject","inLanguage":"es","@id":"https:\/\/atl.org.mx\/#\/schema\/logo\/image\/","url":"https:\/\/atl.org.mx\/wp-content\/uploads\/2023\/09\/logo_atl_catedra3.png","contentUrl":"https:\/\/atl.org.mx\/wp-content\/uploads\/2023\/09\/logo_atl_catedra3.png","width":250,"height":151,"caption":"ATL el portal del agua de la C\u00e1tedra Unesco IMTA"},"image":{"@id":"https:\/\/atl.org.mx\/#\/schema\/logo\/image\/"}}]}},"_links":{"self":[{"href":"https:\/\/atl.org.mx\/index.php\/wp-json\/wp\/v2\/pages\/10450","targetHints":{"allow":["GET"]}}],"collection":[{"href":"https:\/\/atl.org.mx\/index.php\/wp-json\/wp\/v2\/pages"}],"about":[{"href":"https:\/\/atl.org.mx\/index.php\/wp-json\/wp\/v2\/types\/page"}],"author":[{"embeddable":true,"href":"https:\/\/atl.org.mx\/index.php\/wp-json\/wp\/v2\/users\/2"}],"replies":[{"embeddable":true,"href":"https:\/\/atl.org.mx\/index.php\/wp-json\/wp\/v2\/comments?post=10450"}],"version-history":[{"count":112,"href":"https:\/\/atl.org.mx\/index.php\/wp-json\/wp\/v2\/pages\/10450\/revisions"}],"predecessor-version":[{"id":11090,"href":"https:\/\/atl.org.mx\/index.php\/wp-json\/wp\/v2\/pages\/10450\/revisions\/11090"}],"wp:attachment":[{"href":"https:\/\/atl.org.mx\/index.php\/wp-json\/wp\/v2\/media?parent=10450"}],"curies":[{"name":"wp","href":"https:\/\/api.w.org\/{rel}","templated":true}]}}